
{"id":103,"date":"2017-03-08T14:12:55","date_gmt":"2017-03-08T13:12:55","guid":{"rendered":"https:\/\/przedszkole5.edu.wroclaw.pl\/?page_id=103"},"modified":"2022-09-30T11:22:03","modified_gmt":"2022-09-30T09:22:03","slug":"o-nas","status":"publish","type":"page","link":"https:\/\/przedszkole5.edu.wroclaw.pl\/index.php\/glowna-2\/o-nas\/","title":{"rendered":"O nas"},"content":{"rendered":"<div class=\"wpb-content-wrapper\"><p>[vc_row][vc_column][vc_column_text]<\/p>\n<h2 style=\"color: #0e470b;font-size: 24px\"><strong><span lang=\"pl\">Przedszkole Nr 5 &#8211; \u201e<\/span>Wroc\u0142awskie Krasnale\u201d<\/strong><\/h2>\n<p>[\/vc_column_text][\/vc_column][\/vc_row][vc_row][vc_column][vc_column_text css_animation=&#8221;fadeInDownBig&#8221;]<\/p>\n<p style=\"text-align: left\"><span style=\"color: #005c9d\">Trzeba dzieciom da\u0107 serce, pi\u0119kno i u\u015bmiech,<\/span><br \/>\n<span style=\"color: #005c9d\"> aby uczy\u0142y si\u0119 kocha\u0107 ludzi i wszystko, co je otacza.&#8221;<\/span><\/p>\n<p>[\/vc_column_text][vc_empty_space][vc_column_text css_animation=&#8221;fadeInDownBig&#8221;]<a href=\"https:\/\/przedszkole5.edu.wroclaw.pl\/wp-content\/uploads\/sites\/28\/2022\/09\/Hymn-przedszkola.doc\">Hymn Przedszkola nr 5 &#8222;Wroc\u0142awskie Krasnale&#8221; &#8211; tekst<\/a><\/p>\n<p><a href=\"https:\/\/przedszkole5.edu.wroclaw.pl\/wp-content\/uploads\/sites\/28\/2022\/09\/02-HYMN.wma\">Hymn Przedszkola nr 5 &#8222;Wroc\u0142awskie Krasnale&#8221; &#8211; utw\u00f3r<\/a>[\/vc_column_text][vc_empty_space][vc_column_text css_animation=&#8221;fadeInRightBig&#8221;]<span style=\"color: #333333\">Przedszkole nr 5 Wroclawskie Krasnale dzia\u0142a od 01 wrze\u015bnia 2014r w budynku, w kt\u00f3rym od 1 pa\u017adziernika 1992r \/przez prawie 22 lata\/ funkcjonowa\u0142 Zesp\u00f3\u0142 \u017b\u0142obkowo-Przedszkolny nr 1 &#8222;Wroclawskie Krasnale&#8221;. Przedszkole kontynuje zadania i tradycje poprzedniej plac\u00f3wki. Zdecydowana wi\u0119kszo\u015b\u0107 obecnej kadry to ci sami pracownicy.<\/span><br \/>\n<span style=\"color: #333333\">Naszym celem jest wspieranie rodzic\u00f3w w wychowaniu i rozwijaniu potencja\u0142u tkwi\u0105cego w dzieciach oraz dobre przygotowanie dzieci do dalszych etap\u00f3w edukacji (i \u017cycia).<\/span><\/p>\n<p><span style=\"color: #333333\">Staramy si\u0119, aby nasze przedszkole by\u0142o miejscem przyjaznym dla dzieci, ich Rodzic\u00f3w i Dziadk\u00f3w, aby dzieci lubi\u0142y tu przychodzi\u0107 i przebywa\u0142y w atmosferze \u017cyczliwo\u015bci. Poprzez organizacj\u0119 r\u00f3\u017cnorodnych zabaw, zaj\u0119\u0107, dzia\u0142a\u0144, imprez i uroczysto\u015bci wspieramy rozw\u00f3j dzieci oraz uatrakcyjniamy ich pobyt w czasie, gdy rodzice pracuj\u0105.<\/span><\/p>\n<p><span style=\"color: #333333\">Dla Rodzic\u00f3w chcemy by\u0107 partnerami w wychowywaniu dzieci.<\/span><br \/>\n<span style=\"color: #333333\">Dlatego jeste\u015bmy otwarci na Pa\u0144stwa sugestie i propozycje.<\/span><br \/>\n<span style=\"color: #333333\">G\u0142owne kierunki zawarte w koncepcji pracy plac\u00f3wki:<\/span><br \/>\n<span style=\"color: #333333\">Edukacja prozdrowotna, ekologiczna, regionalna, czytelnicza, elementy edukacji globalnej.<\/span><\/p>\n<p><span style=\"color: #333333\">Oferujemy:<\/span><br \/>\n<span style=\"color: #333333\">\u25cf fachow\u0105 opiek\u0119 wykwalifikowanej kadry,<\/span><br \/>\n<span style=\"color: #333333\">\u25cf zaj\u0119cia prowadzone metodami aktywizuj\u0105cymi,<\/span><br \/>\n<span style=\"color: #333333\">\u25cf r\u00f3\u017cne imprezy i uroczysto\u015bci, m. in.<\/span><\/p>\n<p><span style=\"color: #333333\">&#8211; Po\u017cegnanie lata, powitanie jesieni,<\/span><br \/>\n<span style=\"color: #333333\">&#8211; Pasowanie na przedszkolaka,<\/span><br \/>\n<span style=\"color: #333333\">&#8211; Prezentacje jesienne<\/span><br \/>\n<span style=\"color: #333333\">&#8211; Spotkanie z Miko\u0142ajem,<\/span><br \/>\n<span style=\"color: #333333\">&#8211; Jase\u0142ka i Wigilia,<\/span><br \/>\n<span style=\"color: #333333\">&#8211; Bal karnawa\u0142owy,<\/span><br \/>\n<span style=\"color: #333333\">&#8211; Dzie\u0144 Babci i Dziadka,<\/span><br \/>\n<span style=\"color: #333333\">&#8211; Koncerty muzykuj\u0105cych absolwent\u00f3w,<\/span><br \/>\n<span style=\"color: #333333\">&#8211; Powitanie wiosny,<\/span><br \/>\n<span style=\"color: #333333\">&#8211; Spotkanie z Zaj\u0105czkiem<\/span><br \/>\n<span style=\"color: #333333\">&#8211; Dzie\u0144 Mamy i Taty,<\/span><br \/>\n<span style=\"color: #333333\">&#8211; Dzie\u0144 Dziecka,<\/span><br \/>\n<span style=\"color: #333333\">&#8211; Uroczyste po\u017cegnanie starszak\u00f3w,<\/span><\/p>\n<p><span style=\"color: #333333\">\u25cf dni otwartych dzia\u0142a\u0144,<\/span><br \/>\n<span style=\"color: #333333\">\u25cf turniej jednego wiersza o tematyce prozdrowotnej,<\/span><br \/>\n<span style=\"color: #333333\">\u25cf koncerty muzyczne &#8211; 1 x w miesi\u0105cu,<\/span><br \/>\n<span style=\"color: #333333\">\u25cf teatrzyki &#8211; 1 x w miesi\u0105cu,<\/span><br \/>\n<span style=\"color: #333333\">\u25cf kampanie prozdrowotne,<\/span><br \/>\n<span style=\"color: #333333\">\u25cf festyny rodzinne,<\/span><br \/>\n<span style=\"color: #333333\">\u25cf wycieczki po Wroc\u0142awiu i jego okolicach,<\/span><br \/>\n<span style=\"color: #333333\">\u25cf zaj\u0119cia dodatkowe,<\/span><br \/>\n<span style=\"color: #333333\">\u25cf udzia\u0142 uzdolnionych dzieci w konkursach, przegl\u0105dach i prezentacjach na terenie miasta.<\/span><\/p>\n<p><span style=\"color: #333333\"><strong>NASZE ABC&#8230;<\/strong><\/span><\/p>\n<p><span style=\"color: #333333\">CZEGO CHCEMY NAUCZY\u0106 DZIECI,<\/span><br \/>\n<span style=\"color: #333333\">ABY DOBRZE RADZI\u0141Y SOBIE W \u017bYCIU?<\/span><br \/>\n<span style=\"color: #333333\">A \u2013 AKCEPTUJ siebie i innych<\/span><br \/>\n<span style=\"color: #333333\">B \u2013 BAW SI\u0118, jeste\u015b dzieckiem<\/span><br \/>\n<span style=\"color: #333333\">C \u2013 CIERPLIWIE pokonuj trudno\u015bci<\/span><br \/>\n<span style=\"color: #333333\">D \u2013 DOBRO dostrzegaj i rozdawaj<\/span><br \/>\n<span style=\"color: #333333\">E \u2013 EGZEKWUJ swoje prawa<\/span><br \/>\n<span style=\"color: #333333\">F \u2013 ,,FIO\u0141KI to te\u017c kwiatki\u201d \u2013 szanuj przyrod\u0119<\/span><br \/>\n<span style=\"color: #333333\">G \u2013 GNIEW nie jest najlepszym doradc\u0105 \u2013 poskramiaj go<\/span><br \/>\n<span style=\"color: #333333\">H \u2013 HUMOR jest dobry na wszystko \u2013 u\u015bmiechaj si\u0119 jak najcz\u0119\u015bciej<\/span><br \/>\n<span style=\"color: #333333\">I \u2013 INTERESUJ SI\u0118 tym, co ciebie otacza<\/span><br \/>\n<span style=\"color: #333333\">J \u2013 JASNO wyra\u017caj swoje my\u015bli, potrzeby, uczucia<\/span><br \/>\n<span style=\"color: #333333\">K \u2013 KOCHAJ bezinteresownie<\/span><br \/>\n<span style=\"color: #333333\">L \u2013 LEPSZYM b\u0105d\u017a ka\u017cdego dnia<\/span><br \/>\n<span style=\"color: #333333\">M \u2013 M\u00d3W prawd\u0119, MY\u015aL o innych nie tylko o sobie<\/span><br \/>\n<span style=\"color: #333333\">N \u2013 NIE MARTW SI\u0118, Nauczymy si\u0119 razem tego, co jest trudne<\/span><br \/>\n<span style=\"color: #333333\">O \u2013 OPIEKUJ SI\u0118 tymi, kt\u00f3rzy tego potrzebuj\u0105<\/span><br \/>\n<span style=\"color: #333333\">P \u2013 POPRO\u015a, PODZI\u0118KUJ, PRZEPRO\u015a \u2013 s\u0142owa o wielkiej mocy<\/span><br \/>\n<span style=\"color: #333333\">R \u2013 ROZMAWIAJ z innymi<\/span><br \/>\n<span style=\"color: #333333\">S \u2013 S\u0141UCHAJ innych uwa\u017cnie<\/span><br \/>\n<span style=\"color: #333333\">T \u2013 TW\u00d3RZ pi\u0119kne rzeczy<\/span><br \/>\n<span style=\"color: #333333\">U \u2013 UPRAWIAJ sport<\/span><br \/>\n<span style=\"color: #333333\">W \u2013 WYBACZAJ<\/span><br \/>\n<span style=\"color: #333333\">Z \u2013 ZDROWIE szanuj i dbaj o nie<\/span><\/p>\n<p><span style=\"color: #333333\">CZ \u2013 CZYTAJ ksi\u0105\u017cki<\/span><br \/>\n<span style=\"color: #333333\">DZ \u2013 DZIA\u0141AJ z innymi<\/span><br \/>\n<span style=\"color: #333333\">SZ \u2013 SZANUJ prac\u0119 swoj\u0105 i innych<\/span><br \/>\n<span style=\"color: #333333\">RZ \u2013 RZETELNIE wywi\u0105zuj si\u0119 z podejmowanych zada\u0144<\/span><\/p>\n<p><span style=\"color: #333333\">PAMI\u0118TAJMY, \u017bE DZIECI S\u0141UCHAJ\u0104 TEGO, CO M\u00d3WIMY, NA\u015aLADUJ\u0104 TO, CO ROBIMY<\/span><br \/>\n<span style=\"color: #333333\">ABC opracowali przedstawiciele Rady Rodzic\u00f3w i nauczycieli<\/span><br \/>\n<span style=\"color: #333333\">Rodzicu, je\u015bli chcia\u0142by\u015b co\u015b doda\u0107 lub zmieni\u0107 \u2013 zapraszamy.<\/span><\/p>\n<p><span style=\"color: #333333\"><strong>ABC WYCHOWAWCY<\/strong><\/span><\/p>\n<p><span style=\"color: #333333\"><strong>DOBRY WYCHOWAWCA:<\/strong><\/span><\/p>\n<p><span style=\"color: #333333\">A \u2013 AKCEPTUJE dziecko<\/span><br \/>\n<span style=\"color: #333333\">B \u2013 BUDUJE \u017cyczliwe relacje<\/span><br \/>\n<span style=\"color: #333333\">C \u2013 CIESZY SI\u0118 z sukcesu dziecka<\/span><br \/>\n<span style=\"color: #333333\">D \u2013 DOCENIA w\u0142o\u017cony wysi\u0142ek<\/span><br \/>\n<span style=\"color: #333333\">E \u2013 EGZEKWUJE prawa i obowi\u0105zki<\/span><br \/>\n<span style=\"color: #333333\">F \u2013 FORMU\u0141UJE jasne komunikaty<\/span><br \/>\n<span style=\"color: #333333\">G \u2013 GOSPODARUJE dobrze czasem<\/span><br \/>\n<span style=\"color: #333333\">H \u2013 HAMUJE niew\u0142a\u015bciwe zachowania<\/span><br \/>\n<span style=\"color: #333333\">I \u2013 INTERESUJE SI\u0118 tym, co dziecko robi, my\u015bli, czuje<\/span><br \/>\n<span style=\"color: #333333\">J \u2013 JEST cierpliwy<\/span><br \/>\n<span style=\"color: #333333\">K \u2013 KIERUJE rozwojem dziecka<\/span><br \/>\n<span style=\"color: #333333\">L \u2013 LICZY SI\u0118 z jego zdaniem i potrzebami<\/span><br \/>\n<span style=\"color: #333333\">\u0141 \u2013 \u0141\u0104CZY nauk\u0119 z zabaw\u0105<\/span><br \/>\n<span style=\"color: #333333\">M \u2013 MY\u015aLI pozytywnie o mo\u017cliwo\u015bciach dziecka<\/span><br \/>\n<span style=\"color: #333333\">N \u2013 NIE OK\u0141AMUJE<\/span><br \/>\n<span style=\"color: #333333\">O \u2013 ORGANIZUJE ciekawe zaj\u0119cia<\/span><br \/>\n<span style=\"color: #333333\">P \u2013 PAMI\u0118TA o danych obietnicach<\/span><br \/>\n<span style=\"color: #333333\">R \u2013 ROZWIJA SI\u0118<\/span><br \/>\n<span style=\"color: #333333\">S \u2013 S\u0141UCHA uwa\u017cnie<\/span><br \/>\n<span style=\"color: #333333\">T \u2013 TWORZY pi\u0119kne rzeczy<\/span><br \/>\n<span style=\"color: #333333\">U \u2013 U\u015aMIECHA SI\u0118<\/span><br \/>\n<span style=\"color: #333333\">W \u2013 WSPIERA w pokonywaniu trudno\u015bci<\/span><br \/>\n<span style=\"color: #333333\">Y \u2013 NIEWIADOMA \u2013 jest przygotowany na niespodzianki<\/span><br \/>\n<span style=\"color: #333333\">Z \u2013 ZACH\u0118CA do podejmowania wysi\u0142ku<\/span><br \/>\n<span style=\"color: #333333\">\u017b \u2013 \u017bARTUJE z dzieckiem<\/span><br \/>\n<span style=\"color: #333333\">CZ \u2013 CZYTA ksi\u0105\u017cki<\/span><br \/>\n<span style=\"color: #333333\">DZ \u2013 DZIA\u0141A razem z dzieckiem<\/span><br \/>\n<span style=\"color: #333333\">SZ \u2013 SZANUJE w\u0142asno\u015b\u0107 dziecka<\/span><br \/>\n<span style=\"color: #333333\">RZ \u2013 RZETELNIE pracuje<\/span><br \/>\n<span style=\"color: #333333\">ABC opracowali nauczyciele i przedstawiciele rodzic\u00f3w.<\/span>[\/vc_column_text][\/vc_column][\/vc_row]<\/p>\n<\/div>","protected":false},"excerpt":{"rendered":"<p>[vc_row][vc_column][vc_column_text] Przedszkole Nr 5 &#8211; \u201eWroc\u0142awskie Krasnale\u201d [\/vc_column_text][\/vc_column][\/vc_row][vc_row][vc_column][vc_column_text css_animation=&#8221;fadeInDownBig&#8221;] Trzeba dzieciom da\u0107 serce, pi\u0119kno i u\u015bmiech, aby uczy\u0142y si\u0119 kocha\u0107 ludzi i wszystko, co je otacza.&#8221; [\/vc_column_text][vc_empty_space][vc_column_text css_animation=&#8221;fadeInDownBig&#8221;]Hymn Przedszkola nr [&hellip;]<\/p>\n","protected":false},"author":15,"featured_media":0,"parent":1451,"menu_order":0,"comment_status":"closed","ping_status":"closed","template":"","meta":{"ngg_post_thumbnail":0,"footnotes":""},"class_list":["post-103","page","type-page","status-publish","hentry","clearfix"],"_links":{"self":[{"href":"https:\/\/przedszkole5.edu.wroclaw.pl\/index.php\/wp-json\/wp\/v2\/pages\/103","targetHints":{"allow":["GET"]}}],"collection":[{"href":"https:\/\/przedszkole5.edu.wroclaw.pl\/index.php\/wp-json\/wp\/v2\/pages"}],"about":[{"href":"https:\/\/przedszkole5.edu.wroclaw.pl\/index.php\/wp-json\/wp\/v2\/types\/page"}],"author":[{"embeddable":true,"href":"https:\/\/przedszkole5.edu.wroclaw.pl\/index.php\/wp-json\/wp\/v2\/users\/15"}],"replies":[{"embeddable":true,"href":"https:\/\/przedszkole5.edu.wroclaw.pl\/index.php\/wp-json\/wp\/v2\/comments?post=103"}],"version-history":[{"count":10,"href":"https:\/\/przedszkole5.edu.wroclaw.pl\/index.php\/wp-json\/wp\/v2\/pages\/103\/revisions"}],"predecessor-version":[{"id":4775,"href":"https:\/\/przedszkole5.edu.wroclaw.pl\/index.php\/wp-json\/wp\/v2\/pages\/103\/revisions\/4775"}],"up":[{"embeddable":true,"href":"https:\/\/przedszkole5.edu.wroclaw.pl\/index.php\/wp-json\/wp\/v2\/pages\/1451"}],"wp:attachment":[{"href":"https:\/\/przedszkole5.edu.wroclaw.pl\/index.php\/wp-json\/wp\/v2\/media?parent=103"}],"curies":[{"name":"wp","href":"https:\/\/api.w.org\/{rel}","templated":true}]}}